{"id":5258,"date":"2017-06-20T15:56:44","date_gmt":"2017-06-20T15:56:44","guid":{"rendered":"http:\/\/www.futurenergy.ch\/fr\/eigenheim-blonay-vd\/"},"modified":"2024-05-22T11:37:02","modified_gmt":"2024-05-22T11:37:02","slug":"habitation-blonay-vd","status":"publish","type":"page","link":"https:\/\/www.futurenergy.ch\/fr\/habitation-blonay-vd\/","title":{"rendered":"Habitation &#8211; Blonay &#8211; VD &#8211; 2016"},"content":{"rendered":"<p>[et_pb_section fb_built=\u00a0\u00bb1&Prime; custom_padding_last_edited=\u00a0\u00bbon|desktop\u00a0\u00bb admin_label=\u00a0\u00bbsection\u00a0\u00bb _builder_version=\u00a0\u00bb4.16&Prime; custom_padding=\u00a0\u00bb15px|||\u00a0\u00bb custom_padding_tablet=\u00a0\u00bb50px|0|50px|0&Prime; custom_padding_phone=\u00a0\u00bb50px|0|50px|0&Prime; transparent_background=\u00a0\u00bboff\u00a0\u00bb padding_mobile=\u00a0\u00bboff\u00a0\u00bb make_fullwidth=\u00a0\u00bboff\u00a0\u00bb use_custom_width=\u00a0\u00bboff\u00a0\u00bb width_unit=\u00a0\u00bbon\u00a0\u00bb global_colors_info=\u00a0\u00bb{}\u00a0\u00bb][et_pb_row column_structure=\u00a0\u00bb1_3,2_3&Prime; padding_mobile=\u00a0\u00bboff\u00a0\u00bb column_padding_mobile=\u00a0\u00bbon\u00a0\u00bb admin_label=\u00a0\u00bbrow\u00a0\u00bb _builder_version=\u00a0\u00bb4.16&Prime; background_size=\u00a0\u00bbinitial\u00a0\u00bb background_position=\u00a0\u00bbtop_left\u00a0\u00bb background_repeat=\u00a0\u00bbrepeat\u00a0\u00bb custom_padding=\u00a0\u00bb15px|||\u00a0\u00bb make_fullwidth=\u00a0\u00bboff\u00a0\u00bb use_custom_width=\u00a0\u00bboff\u00a0\u00bb width_unit=\u00a0\u00bbon\u00a0\u00bb global_colors_info=\u00a0\u00bb{}\u00a0\u00bb][et_pb_column type=\u00a0\u00bb1_3&Prime; _builder_version=\u00a0\u00bb4.16&Prime; custom_padding=\u00a0\u00bb|||\u00a0\u00bb global_colors_info=\u00a0\u00bb{}\u00a0\u00bb custom_padding__hover=\u00a0\u00bb|||\u00a0\u00bb][et_pb_divider show_divider=\u00a0\u00bboff\u00a0\u00bb disabled_on=\u00a0\u00bbon|on|off\u00a0\u00bb admin_label=\u00a0\u00bbTeiler\u00a0\u00bb _builder_version=\u00a0\u00bb4.16&Prime; height=\u00a0\u00bb9px\u00a0\u00bb hide_on_mobile=\u00a0\u00bbon\u00a0\u00bb global_colors_info=\u00a0\u00bb{}\u00a0\u00bb][\/et_pb_divider][et_pb_text admin_label=\u00a0\u00bbText\u00a0\u00bb _builder_version=\u00a0\u00bb4.16&Prime; text_text_color=\u00a0\u00bb#ffa200&Prime; text_font_size=\u00a0\u00bb12&Prime; background_size=\u00a0\u00bbinitial\u00a0\u00bb background_position=\u00a0\u00bbtop_left\u00a0\u00bb background_repeat=\u00a0\u00bbrepeat\u00a0\u00bb use_border_color=\u00a0\u00bboff\u00a0\u00bb border_color=\u00a0\u00bb#ffffff\u00a0\u00bb border_style=\u00a0\u00bbsolid\u00a0\u00bb global_colors_info=\u00a0\u00bb{}\u00a0\u00bb]<\/p>\n<h4><span style=\"color: #ff9900;\">Plusieurs projets solaires en phase de planification et nouvelles installations de r\u00e9f\u00e9rences disponibles bient\u00f4t aussi sur notre site web&#8230;<\/span><\/h4>\n<p>&nbsp;<\/p>\n<ul>\n<li><a href=\"https:\/\/www.futurenergy.ch\/de\/eigenheim-zuerich-zh\/\"> Habitation &#8211; Z\u00fcrich &#8211; ZH<\/a><\/li>\n<li><a href=\"https:\/\/www.futurenergy.ch\/de\/eigenheim-chardonne-vd\/\">Habitation &#8211; Chardonne &#8211; VD<\/a><\/li>\n<li><a href=\"https:\/\/www.futurenergy.ch\/de\/eigenheim-minusio-ti\/\">Habitation &#8211; Minusio &#8211; TI<\/a><\/li>\n<li><a href=\"https:\/\/www.futurenergy.ch\/de\/eigenheim-blonay-vd\/\">Habitation &#8211; Blonay &#8211; VD<\/a><\/li>\n<li><a href=\"\/?page_id=5313\">Habitation &#8211; Schongau &#8211; LU<\/a><\/li>\n<li><a href=\"https:\/\/www.futurenergy.ch\/de\/eigenheim-mollie-margot-vd\/\">Habitation &#8211; Mollie-Margot &#8211; VD<\/a><\/li>\n<li><a href=\"https:\/\/www.futurenergy.ch\/fr\/habitation-puidoux-vd-2015\/\">Habitation &#8211; Puidoux &#8211; VD<\/a><\/li>\n<li><a href=\"https:\/\/www.futurenergy.ch\/fr\/habitation-chexbres-vd\/\">Habitation &#8211; Chexbres &#8211; VD<\/a><\/li>\n<li><a href=\"\/?page_id=2324\">Habitation &#8211; Puidoux &#8211; VD<\/a><\/li>\n<li><a href=\"https:\/\/www.futurenergy.ch\/fr\/habitation-la-croixlutry-vd\/\">Habitation &#8211; La Croix\/Lutry &#8211; VD<\/a><\/li>\n<li><a href=\"https:\/\/www.futurenergy.ch\/fr\/habitation-brot-plamboz-ne\/\">Habitation &#8211; Brot-Plamboz &#8211; NE<\/a><\/li>\n<li><a href=\"\/?page_id=2483\">Habitation &#8211; Les Thioleyres &#8211; VD<\/a><\/li>\n<li><a href=\"\/?page_id=2303\">Habitation &#8211; Pal\u00e9zieux &#8211; VD<\/a><\/li>\n<li><a href=\"https:\/\/www.futurenergy.ch\/fr\/habitation-jouxtens-vd\/\">Habitation &#8211; Jouxtens &#8211; VD<\/a><\/li>\n<\/ul>\n<p>[\/et_pb_text][\/et_pb_column][et_pb_column type=\u00a0\u00bb2_3&Prime; _builder_version=\u00a0\u00bb4.16&Prime; custom_padding=\u00a0\u00bb|||\u00a0\u00bb global_colors_info=\u00a0\u00bb{}\u00a0\u00bb custom_padding__hover=\u00a0\u00bb|||\u00a0\u00bb][et_pb_text admin_label=\u00a0\u00bbText Titel Famille Chappuis &#8211; Puidoux &#8211; VD \u00a0\u00bb _builder_version=\u00a0\u00bb4.25.1&Prime; text_text_color=\u00a0\u00bb#ffa200&Prime; text_font_size=\u00a0\u00bb28&Prime; background_size=\u00a0\u00bbinitial\u00a0\u00bb background_position=\u00a0\u00bbtop_left\u00a0\u00bb background_repeat=\u00a0\u00bbrepeat\u00a0\u00bb use_border_color=\u00a0\u00bboff\u00a0\u00bb border_color=\u00a0\u00bb#ffffff\u00a0\u00bb border_style=\u00a0\u00bbsolid\u00a0\u00bb global_colors_info=\u00a0\u00bb{}\u00a0\u00bb]<\/p>\n<p>Habitation &#8211; Blonay &#8211; VD &#8211; 2016<\/p>\n<p>[\/et_pb_text][et_pb_gallery gallery_ids=\u00a0\u00bb5286&Prime; posts_number=\u00a0\u00bb3&Prime; show_title_and_caption=\u00a0\u00bboff\u00a0\u00bb show_pagination=\u00a0\u00bboff\u00a0\u00bb admin_label=\u00a0\u00bbGalerie Famille Chappuis &#8211; Puidoux &#8211; VD \u00a0\u00bb _builder_version=\u00a0\u00bb4.16&Prime; use_border_color=\u00a0\u00bboff\u00a0\u00bb border_color=\u00a0\u00bb#ffffff\u00a0\u00bb border_style=\u00a0\u00bbsolid\u00a0\u00bb global_colors_info=\u00a0\u00bb{}\u00a0\u00bb][\/et_pb_gallery][et_pb_text admin_label=\u00a0\u00bbText Famille Chappuis &#8211; Puidoux &#8211; VD \u00a0\u00bb _builder_version=\u00a0\u00bb4.25.1&Prime; text_line_height=\u00a0\u00bb1.1em\u00a0\u00bb background_size=\u00a0\u00bbinitial\u00a0\u00bb background_position=\u00a0\u00bbtop_left\u00a0\u00bb background_repeat=\u00a0\u00bbrepeat\u00a0\u00bb use_border_color=\u00a0\u00bboff\u00a0\u00bb border_color=\u00a0\u00bb#ffffff\u00a0\u00bb border_style=\u00a0\u00bbsolid\u00a0\u00bb global_colors_info=\u00a0\u00bb{}\u00a0\u00bb]<\/p>\n<p><strong><a href=\"http:\/\/www.futurenergy.ch\/wp-content\/uploads\/2017\/08\/Home_Blonay_VD_2017-2-1.jpg\"><img loading=\"lazy\" decoding=\"async\" src=\"http:\/\/www.futurenergy.ch\/wp-content\/uploads\/2017\/08\/Home_Blonay_VD_2017-2-1-300x169.jpg\" width=\"300\" height=\"169\" alt=\"\" class=\"wp-image-12890 alignnone size-medium\" srcset=\"https:\/\/www.futurenergy.ch\/wp-content\/uploads\/2017\/08\/Home_Blonay_VD_2017-2-1-300x169.jpg 300w, https:\/\/www.futurenergy.ch\/wp-content\/uploads\/2017\/08\/Home_Blonay_VD_2017-2-1-768x432.jpg 768w, https:\/\/www.futurenergy.ch\/wp-content\/uploads\/2017\/08\/Home_Blonay_VD_2017-2-1-1024x576.jpg 1024w, https:\/\/www.futurenergy.ch\/wp-content\/uploads\/2017\/08\/Home_Blonay_VD_2017-2-1-1080x608.jpg 1080w, https:\/\/www.futurenergy.ch\/wp-content\/uploads\/2017\/08\/Home_Blonay_VD_2017-2-1.jpg 1600w\" sizes=\"(max-width: 300px) 100vw, 300px\" \/><\/a><\/strong><\/p>\n<p>[\/et_pb_text][et_pb_text admin_label=\u00a0\u00bbText Famille Chappuis &#8211; Puidoux &#8211; VD \u00a0\u00bb _builder_version=\u00a0\u00bb4.16&Prime; text_line_height=\u00a0\u00bb1.1em\u00a0\u00bb background_size=\u00a0\u00bbinitial\u00a0\u00bb background_position=\u00a0\u00bbtop_left\u00a0\u00bb background_repeat=\u00a0\u00bbrepeat\u00a0\u00bb use_border_color=\u00a0\u00bboff\u00a0\u00bb border_color=\u00a0\u00bb#ffffff\u00a0\u00bb border_style=\u00a0\u00bbsolid\u00a0\u00bb global_colors_info=\u00a0\u00bb{}\u00a0\u00bb]<strong>Habitation &#8211; Blonay &#8211; VD &#8211; 2016 &#8211; 15 kW \/ 90 m2 <\/strong><\/p>\n<p>Production : 15\u2019000 kWhel\/year = Equivalent : 1\u2019500 l. Fuel \/ Savings: 9&rsquo;750 m3 CO2 <\/p>\n<p>Produits : 54 \u00d7 Heckert Solar HS M 275 Black + 1 \u00d7 SolarEdge SE15K<br \/>\n[\/et_pb_text][\/et_pb_column][\/et_pb_row][\/et_pb_section]<\/p>\n","protected":false},"excerpt":{"rendered":"<p>Plusieurs projets solaires en phase de planification et nouvelles installations de r\u00e9f\u00e9rences disponibles bient\u00f4t aussi sur notre site web&#8230; &nbsp; Habitation &#8211; Z\u00fcrich &#8211; ZH Habitation &#8211; Chardonne &#8211; VD Habitation &#8211; Minusio &#8211; TI Habitation &#8211; Blonay &#8211; VD Habitation &#8211; Schongau &#8211; LU Habitation &#8211; Mollie-Margot &#8211; VD Habitation &#8211; Puidoux &#8211; VD [&hellip;]<\/p>\n","protected":false},"author":4,"featured_media":0,"parent":0,"menu_order":0,"comment_status":"closed","ping_status":"closed","template":"","meta":{"_et_pb_use_builder":"on","_et_pb_old_content":"[et_pb_section admin_label=\"section\" transparent_background=\"off\" allow_player_pause=\"off\" inner_shadow=\"off\" parallax=\"off\" parallax_method=\"off\" custom_padding=\"15px|||\" padding_mobile=\"off\" make_fullwidth=\"off\" use_custom_width=\"off\" width_unit=\"on\" make_equal=\"off\" use_custom_gutter=\"off\"][et_pb_row admin_label=\"row\" make_fullwidth=\"off\" use_custom_width=\"off\" width_unit=\"on\" use_custom_gutter=\"off\" custom_padding=\"15px|||\" padding_mobile=\"off\" allow_player_pause=\"off\" parallax=\"off\" parallax_method=\"off\" make_equal=\"off\" parallax_1=\"off\" parallax_method_1=\"off\" column_padding_mobile=\"on\"][et_pb_column type=\"1_3\"][et_pb_divider admin_label=\"Teiler\" color=\"#1c1c1c\" show_divider=\"off\" divider_style=\"solid\" divider_position=\"top\" hide_on_mobile=\"on\" height=\"9\"]\r\n\r\n\r\n\r\n[\/et_pb_divider][et_pb_text admin_label=\"Text\" background_layout=\"light\" text_orientation=\"left\" text_font_size=\"12\" use_border_color=\"off\" border_color=\"#ffffff\" border_style=\"solid\" text_text_color=\"#ffa200\"]\r\n\r\n<h4><span style=\"color: #ff9900;\">Mehrere Solarprojekte sind in Planungsphase und neue Referenzanlagen werden bald verf\u00fcgbar sein\u00a0auf unserer Website...<\/span><\/h4>\r\n\u00a0\r\n<ul>\r\n \t<li><a href=\"\/?page_id=336\">Eigenheim & Landwirtschaft - Puidoux - VD<\/a><\/li>\r\n \t<li><a href=\"\/?page_id=403\">Eigenheim - Puidoux - VD<\/a><\/li>\r\n \t<li><a href=\"\/?page_id=2327\">Eigenheim - Puidoux - VD<\/a><\/li>\r\n \t<li><a href=\"\/?page_id=2469\">Eigenheim - La Croix\/Lutry - VD<\/a><\/li>\r\n \t<li><a href=\"\/?page_id=2320\">Eigenheim - Brot-Plamboz - NE <\/a><\/li>\r\n \t<li><a href=\"\/?page_id=2348\">Eigenheim - Les Thioleyres - VD<\/a><\/li>\r\n \t<li><a href=\"\/?page_id=666\">Eigenheim - Pal\u00e9zieux - VD<\/a><\/li>\r\n \t<li><a href=\"\/?page_id=2334\">Eigenheim - Jouxtens - VD<\/a><\/li>\r\n<\/ul>\r\n\r\n[\/et_pb_text][\/et_pb_column][et_pb_column type=\"2_3\"][et_pb_text admin_label=\"Text Titel Famille Chappuis - Puidoux - VD \" background_layout=\"light\" text_orientation=\"left\" text_font_size=\"28\" use_border_color=\"off\" border_color=\"#ffffff\" border_style=\"solid\" text_text_color=\"#ffa200\"]\r\n\r\nEigenheim & Landwirtschaft - Puidoux - VD\r\n\r\n[\/et_pb_text][et_pb_gallery admin_label=\"Galerie Famille Chappuis - Puidoux - VD \" gallery_ids=\"4726,4727,4728\" fullwidth=\"off\" show_title_and_caption=\"off\" show_pagination=\"off\" background_layout=\"light\" auto=\"off\" hover_overlay_color=\"rgba(255,255,255,0.9)\" caption_all_caps=\"off\" use_border_color=\"off\" border_color=\"#ffffff\" border_style=\"solid\" posts_number=\"3\"]\r\n\r\n\r\n\r\n[\/et_pb_gallery][et_pb_text admin_label=\"Text Famille Chappuis - Puidoux - VD \" background_layout=\"light\" text_orientation=\"left\" use_border_color=\"off\" border_color=\"#ffffff\" border_style=\"solid\" text_line_height=\"1.1em\"]\r\n\r\n<strong>Eigenheim & Landwirtschaft - Puidoux - VD - 2015 - 15 kW \/ 100 m2<\/strong>\r\n\r\nProduktion : 15\u2019000 kWhel\/Jahr = Equivalent : 1\u2019500 l. \u00d6l\/ Einsparung: 9\u2019750m3 CO2\r\n\r\nProdukte : 58 \u00d7 Q.Cells Q.Peak-G3-Black-275-Mono + 2 \u00d7 Fronius Symo 7.0-3-M\r\n\r\n[\/et_pb_text][\/et_pb_column][\/et_pb_row][\/et_pb_section][et_pb_section admin_label=\"Sektion\" fullwidth=\"off\" specialty=\"off\" transparent_background=\"off\" background_color=\"#f7f7f7\" allow_player_pause=\"off\" inner_shadow=\"off\" parallax=\"off\" parallax_method=\"off\" padding_mobile=\"on\" make_fullwidth=\"off\" use_custom_width=\"off\" width_unit=\"on\" make_equal=\"off\" use_custom_gutter=\"off\" custom_padding=\"0px|||\"][et_pb_row admin_label=\"Zeile\"][et_pb_column type=\"1_4\"][et_pb_text admin_label=\"Future Energy SA\" background_layout=\"light\" text_orientation=\"left\" use_border_color=\"off\" border_color=\"#ffffff\" border_style=\"solid\"]\r\n\r\n<strong>Future Energy SA<\/strong>\r\n\r\n[\/et_pb_text][et_pb_text admin_label=\"Text\" background_layout=\"light\" text_orientation=\"left\" use_border_color=\"off\" border_color=\"#ffffff\" border_style=\"solid\" text_line_height=\"1em\" disabled=\"off\" disabled_on=\"on||\"]\r\n\r\n<a href=\"\/?page_id=126\">Unternehmen<\/a>\r\n\r\n<a href=\"\/?page_id=130\">Locations<\/a>\r\n\r\n<a href=\"\/?page_id=132\">Kontakt<\/a>\r\n\r\n[\/et_pb_text][\/et_pb_column][et_pb_column type=\"1_4\"][et_pb_text admin_label=\"Services\" background_layout=\"light\" text_orientation=\"left\" use_border_color=\"off\" border_color=\"#ffffff\" border_style=\"solid\"]\r\n\r\n<strong>Angebot<\/strong>\r\n\r\n[\/et_pb_text][et_pb_text admin_label=\"Text\" background_layout=\"light\" text_orientation=\"left\" use_border_color=\"off\" border_color=\"#ffffff\" border_style=\"solid\" text_line_height=\"1em\"]\r\n\r\n<a href=\"\/?page_id=101\">Sun Power<\/a>\r\n\r\n<a href=\"\/?page_id=103\">Biogas Power<\/a>\r\n\r\n<a href=\"\/?page_id=105\">Wind Power<\/a>\r\n\r\n[\/et_pb_text][\/et_pb_column][et_pb_column type=\"1_4\"][et_pb_text admin_label=\"References\" background_layout=\"light\" text_orientation=\"left\" use_border_color=\"off\" border_color=\"#ffffff\" border_style=\"solid\"]\r\n\r\n<strong>Referenzen<\/strong>\r\n\r\n[\/et_pb_text][et_pb_text admin_label=\"Text\" background_layout=\"light\" text_orientation=\"left\" use_border_color=\"off\" border_color=\"#ffffff\" border_style=\"solid\" text_line_height=\"1em\"]\r\n\r\n<a href=\"\/?page_id=336\">Eigenheim<\/a>\r\n\r\n<a href=\"\/?page_id=956\">Landwirtschaft<\/a>\r\n\r\n<a href=\"\/?page_id=1613\">Gewerbe & Industrie<\/a>\r\n\r\n\u00a0\r\n\r\n[\/et_pb_text][\/et_pb_column][et_pb_column type=\"1_4\"][et_pb_text admin_label=\"Contact\" background_layout=\"light\" text_orientation=\"left\" use_border_color=\"off\" border_color=\"#ffffff\" border_style=\"solid\"]\r\n\r\n<strong>Kontakt<\/strong>\r\n\r\n[\/et_pb_text][et_pb_text admin_label=\"Text\" background_layout=\"light\" text_orientation=\"left\" use_border_color=\"off\" border_color=\"#ffffff\" border_style=\"solid\" text_line_height=\"1em\"]\r\n\r\nFuture Energy SA\r\n\r\nCase Postale 9\r\n\r\nCH-1070 Puidoux\r\n\r\nTel. +41.31.311.54.50\r\n\r\n<a href=\"mailto:info@futurenergy.ch\">info@futurenergy.ch<\/a>\r\n\r\n[\/et_pb_text][\/et_pb_column][\/et_pb_row][\/et_pb_section][et_pb_section admin_label=\"section\"][et_pb_row admin_label=\"row\"][\/et_pb_row][\/et_pb_section]","_et_gb_content_width":"","footnotes":""},"class_list":["post-5258","page","type-page","status-publish","hentry"],"_links":{"self":[{"href":"https:\/\/www.futurenergy.ch\/fr\/wp-json\/wp\/v2\/pages\/5258","targetHints":{"allow":["GET"]}}],"collection":[{"href":"https:\/\/www.futurenergy.ch\/fr\/wp-json\/wp\/v2\/pages"}],"about":[{"href":"https:\/\/www.futurenergy.ch\/fr\/wp-json\/wp\/v2\/types\/page"}],"author":[{"embeddable":true,"href":"https:\/\/www.futurenergy.ch\/fr\/wp-json\/wp\/v2\/users\/4"}],"replies":[{"embeddable":true,"href":"https:\/\/www.futurenergy.ch\/fr\/wp-json\/wp\/v2\/comments?post=5258"}],"version-history":[{"count":19,"href":"https:\/\/www.futurenergy.ch\/fr\/wp-json\/wp\/v2\/pages\/5258\/revisions"}],"predecessor-version":[{"id":13362,"href":"https:\/\/www.futurenergy.ch\/fr\/wp-json\/wp\/v2\/pages\/5258\/revisions\/13362"}],"wp:attachment":[{"href":"https:\/\/www.futurenergy.ch\/fr\/wp-json\/wp\/v2\/media?parent=5258"}],"curies":[{"name":"wp","href":"https:\/\/api.w.org\/{rel}","templated":true}]}}